{"id":668,"date":"2025-06-18T13:08:34","date_gmt":"2025-06-18T13:08:34","guid":{"rendered":"https:\/\/91parallele.be\/?page_id=668"},"modified":"2026-03-16T10:53:01","modified_gmt":"2026-03-16T10:53:01","slug":"p91v0026-lgbt","status":"publish","type":"page","link":"https:\/\/91parallele.be\/index.php\/p91v0026-lgbt\/","title":{"rendered":"P91V0026-LGBT"},"content":{"rendered":"\n<hr class=\"wp-block-separator has-alpha-channel-opacity is-style-wide\"\/>\n\n\n\n<p class=\"has-large-font-size\"><strong>LGBT+ au centre de Bruxelles \u2026 <\/strong> <strong>pass\u00e9, pr\u00e9sent et futur<\/strong><\/p>\n\n\n\n<div class=\"wp-block-columns is-layout-flex wp-container-core-columns-is-layout-9d6595d7 wp-block-columns-is-layout-flex\">\n<div class=\"wp-block-column is-layout-flow wp-block-column-is-layout-flow\">\n<figure class=\"wp-block-image size-large\"><img loading=\"lazy\" decoding=\"async\" width=\"1024\" height=\"576\" src=\"https:\/\/91parallele.be\/wp-content\/uploads\/2025\/05\/20150516_145123-1024x576.jpg\" alt=\"\" class=\"wp-image-665\" srcset=\"https:\/\/91parallele.be\/wp-content\/uploads\/2025\/05\/20150516_145123-1024x576.jpg 1024w, https:\/\/91parallele.be\/wp-content\/uploads\/2025\/05\/20150516_145123-300x169.jpg 300w, https:\/\/91parallele.be\/wp-content\/uploads\/2025\/05\/20150516_145123-768x432.jpg 768w, https:\/\/91parallele.be\/wp-content\/uploads\/2025\/05\/20150516_145123-1536x864.jpg 1536w, https:\/\/91parallele.be\/wp-content\/uploads\/2025\/05\/20150516_145123-2048x1152.jpg 2048w\" sizes=\"auto, (max-width: 767px) 89vw, (max-width: 1000px) 54vw, (max-width: 1071px) 543px, 580px\" \/><\/figure>\n<\/div>\n\n\n\n<div class=\"wp-block-column is-layout-flow wp-block-column-is-layout-flow\">\n<p class=\"has-small-font-size\"><strong>Dates :<\/strong><br><strong>Sur demande (FR\/NL\/EN)<\/strong><strong><br><\/strong>Dur\u00e9e : 1 heure 30<br>D\u00e9part : Gare Bruxelles-Central (salle de guichets)<br>Fin : Plattesteen<br>Max 20 personnes<br>Prix : 10\u20ac<br><strong>Info &amp; inscriptions via info@91parallele.be<\/strong><\/p>\n<\/div>\n<\/div>\n\n\n\n<hr class=\"wp-block-separator has-alpha-channel-opacity is-style-wide\"\/>\n\n\n\n<p class=\"has-medium-font-size\">Visite autour LGBT+ dans les petites rues de Bruxelles.<br>Un regard dans le pass\u00e9 en d\u00e9couvrant quelques histoires et anecdotes.<br>Sur le pr\u00e9sent en pr\u00e9sentant quelques lieux incontournables mais aussi pour l&rsquo;accueil des personnes perdues.<br>Et quelques r\u00e9flexions pour le futur autour l\u2019acceptation des personnes LGBT+&#8230;<br>Besoin de beurre, charbon ou une petite chaufferette ? &#8211; Suivez le guide !<\/p>\n\n\n\n<hr class=\"wp-block-separator has-alpha-channel-opacity is-style-wide\"\/>\n","protected":false},"excerpt":{"rendered":"<p>LGBT+ au centre de Bruxelles \u2026 pass\u00e9, pr\u00e9sent et futur Dates :Sur demande (FR\/NL\/EN)Dur\u00e9e : 1 heure 30D\u00e9part : Gare Bruxelles-Central (salle de guichets)Fin : PlattesteenMax 20 personnesPrix : 10\u20acInfo &amp; inscriptions via info@91parallele.be Visite autour LGBT+ dans les petites rues de Bruxelles.Un regard dans le pass\u00e9 en d\u00e9couvrant quelques histoires et anecdotes.Sur le pr\u00e9sent &hellip; <\/p>\n<p class=\"link-more\"><a href=\"https:\/\/91parallele.be\/index.php\/p91v0026-lgbt\/\" class=\"more-link\">Continuer la lecture<span class=\"screen-reader-text\"> de &laquo;&nbsp;P91V0026-LGBT&nbsp;&raquo;<\/span><\/a><\/p>\n","protected":false},"author":1,"featured_media":0,"parent":0,"menu_order":0,"comment_status":"closed","ping_status":"closed","template":"","meta":{"footnotes":""},"class_list":["post-668","page","type-page","status-publish","hentry"],"_links":{"self":[{"href":"https:\/\/91parallele.be\/index.php\/wp-json\/wp\/v2\/pages\/668","targetHints":{"allow":["GET"]}}],"collection":[{"href":"https:\/\/91parallele.be\/index.php\/wp-json\/wp\/v2\/pages"}],"about":[{"href":"https:\/\/91parallele.be\/index.php\/wp-json\/wp\/v2\/types\/page"}],"author":[{"embeddable":true,"href":"https:\/\/91parallele.be\/index.php\/wp-json\/wp\/v2\/users\/1"}],"replies":[{"embeddable":true,"href":"https:\/\/91parallele.be\/index.php\/wp-json\/wp\/v2\/comments?post=668"}],"version-history":[{"count":15,"href":"https:\/\/91parallele.be\/index.php\/wp-json\/wp\/v2\/pages\/668\/revisions"}],"predecessor-version":[{"id":1240,"href":"https:\/\/91parallele.be\/index.php\/wp-json\/wp\/v2\/pages\/668\/revisions\/1240"}],"wp:attachment":[{"href":"https:\/\/91parallele.be\/index.php\/wp-json\/wp\/v2\/media?parent=668"}],"curies":[{"name":"wp","href":"https:\/\/api.w.org\/{rel}","templated":true}]}}